{"id":22018,"date":"2024-06-28T18:31:24","date_gmt":"2024-06-28T16:31:24","guid":{"rendered":"https:\/\/cybul.eu\/shop\/kask-sparco-air-pro-1977-rf-5w\/"},"modified":"2024-06-28T18:31:50","modified_gmt":"2024-06-28T16:31:50","slug":"kask-sparco-air-pro-1977-rf-5w","status":"publish","type":"product","link":"https:\/\/cybul.eu\/pl\/sklep\/kask-sparco-air-pro-1977-rf-5w\/","title":{"rendered":"KASK SPARCO AIR PRO 1977 RF-5W"},"content":{"rendered":"<p><strong>Kask Sparco Air Pro 1977 RF-5W<\/p>\n<p><\/strong>Homologacja:<strong> FIA 8859-2015 \/ SNELL SA2020<br \/><\/strong><br \/>Kask Sparco Air Pro z klasycznym malowaniem wzorowanym na pierwszym kasku Sparco z 1977 roku.<br \/>Dzi\u0119ki mocnej pow\u0142oce z w\u0142\u00f3kna szklanego ten kask zapewnia najwy\u017cszy poziom komfortu i bezpiecze\u0144stwa w przyst\u0119pnej cenie.<br \/>Wewn\u0105trz kask posiada wy\u015bci\u00f3\u0142k\u0119 i podszewk\u0119 z EPS, kt\u00f3r\u0105 mo\u017cna zdj\u0105\u0107 w celu wyprania&nbsp;co przek\u0142ada si\u0119 na wydatnie na jego trwa\u0142o\u015b\u0107 i mo\u017cliwo\u015bci utrzymania produktu w czysto\u015bci.<br \/>Kask posiada wiele otwor\u00f3w wentylacyjnych na przednim pasku podbr\u00f3dka&nbsp;oraz sze\u015b\u0107&nbsp;kana\u0142\u00f3w na g\u00f3rze i z ty\u0142u kasku.<br \/>Dodatkowo wy\u015bci\u00f3\u0142ka zosta\u0142a wyposa\u017cona w specjalne przet\u0142oczenia pozwalaj\u0105ce na korzystanie z interkomu oraz rurek doprowadzaj\u0105cych nap\u00f3j.<br \/>Wyposa\u017cony w klipsy HANS.<\/p>\n","protected":false},"excerpt":{"rendered":"<p><strong>Kask Sparco Air Pro 1977 RF-5W<\/p>\n<p><\/strong>Homologacja:<strong> FIA 8859-2015 \/ SNELL SA2020<br \/><\/strong><br \/>Kask Sparco Air Pro z klasycznym malowaniem wzorowanym na pierwszym kasku Sparco z 1977 roku.<br \/>Dzi\u0119ki mocnej pow\u0142oce z w\u0142\u00f3kna szklanego ten kask zapewnia najwy\u017cszy poziom komfortu i bezpiecze\u0144stwa w przyst\u0119pnej cenie.<br \/>Wewn\u0105trz kask posiada wy\u015bci\u00f3\u0142k\u0119 i podszewk\u0119 z EPS, kt\u00f3r\u0105 mo\u017cna zdj\u0105\u0107 w celu wyprania&nbsp;co przek\u0142ada si\u0119 na wydatnie na jego trwa\u0142o\u015b\u0107 i mo\u017cliwo\u015bci utrzymania produktu w czysto\u015bci.<br \/>Kask posiada wiele otwor\u00f3w wentylacyjnych na przednim pasku podbr\u00f3dka&nbsp;oraz sze\u015b\u0107&nbsp;kana\u0142\u00f3w na g\u00f3rze i z ty\u0142u kasku.<br \/>Dodatkowo wy\u015bci\u00f3\u0142ka zosta\u0142a wyposa\u017cona w specjalne przet\u0142oczenia pozwalaj\u0105ce na korzystanie z interkomu oraz rurek doprowadzaj\u0105cych nap\u00f3j.<br \/>Wyposa\u017cony w klipsy HANS.<\/p>\n","protected":false},"featured_media":21560,"comment_status":"closed","ping_status":"open","template":"","meta":[],"product_cat":[609,560],"product_tag":[],"class_list":{"0":"post-22018","1":"product","2":"type-product","3":"status-publish","4":"has-post-thumbnail","6":"product_cat-kaski-zamkniete","7":"product_cat-odziez-rajdowa-fia","9":"first","10":"instock","11":"taxable","12":"shipping-taxable","13":"purchasable","14":"product-type-simple"},"bundled_by":[],"bundle_stock_status":"instock","bundle_stock_quantity":null,"bundle_virtual":false,"bundle_layout":"","bundle_add_to_cart_form_location":"","bundle_editable_in_cart":false,"bundle_sold_individually_context":"","bundle_item_grouping":"","bundle_min_size":"","bundle_max_size":"","bundle_price":[],"bundled_items":[],"bundle_sell_ids":[],"acf":{"zdjecie_bez_watermarka":null,"zdjecie_bez_watermarka_url":"","product_orgin_url":"https:\/\/inter-rally.pl\/product-eng-767-Kask-Sparco-Air-Pro-1977-RF-5W.html"},"yoast_head":"<!-- This site is optimized with the Yoast SEO plugin v23.9 - https:\/\/yoast.com\/wordpress\/plugins\/seo\/ -->\n<title>KASK SPARCO AIR PRO 1977 RF-5W - CYBUL<\/title>\n<meta name=\"robots\" content=\"index, follow, max-snippet:-1, max-image-preview:large, max-video-preview:-1\" \/>\n<link rel=\"canonical\" href=\"https:\/\/cybul.eu\/pl\/sklep\/kask-sparco-air-pro-1977-rf-5w\/\" \/>\n<meta property=\"og:locale\" content=\"pl_PL\" \/>\n<meta property=\"og:type\" content=\"article\" \/>\n<meta property=\"og:title\" content=\"KASK SPARCO AIR PRO 1977 RF-5W - CYBUL\" \/>\n<meta property=\"og:description\" content=\"Kask Sparco Air Pro 1977 RF-5WHomologacja: FIA 8859-2015 \/ SNELL SA2020Kask Sparco Air Pro z klasycznym malowaniem wzorowanym na pierwszym kasku Sparco z 1977 roku.Dzi\u0119ki mocnej pow\u0142oce z w\u0142\u00f3kna szklanego ten kask zapewnia najwy\u017cszy poziom komfortu i bezpiecze\u0144stwa w przyst\u0119pnej cenie.Wewn\u0105trz kask posiada wy\u015bci\u00f3\u0142k\u0119 i podszewk\u0119 z EPS, kt\u00f3r\u0105 mo\u017cna zdj\u0105\u0107 w celu wyprania&nbsp;co przek\u0142ada si\u0119 na wydatnie na jego trwa\u0142o\u015b\u0107 i mo\u017cliwo\u015bci utrzymania produktu w czysto\u015bci.Kask posiada wiele otwor\u00f3w wentylacyjnych na przednim pasku podbr\u00f3dka&nbsp;oraz sze\u015b\u0107&nbsp;kana\u0142\u00f3w na g\u00f3rze i z ty\u0142u kasku.Dodatkowo wy\u015bci\u00f3\u0142ka zosta\u0142a wyposa\u017cona w specjalne przet\u0142oczenia pozwalaj\u0105ce na korzystanie z interkomu oraz rurek doprowadzaj\u0105cych nap\u00f3j.Wyposa\u017cony w klipsy HANS.\" \/>\n<meta property=\"og:url\" content=\"https:\/\/cybul.eu\/pl\/sklep\/kask-sparco-air-pro-1977-rf-5w\/\" \/>\n<meta property=\"og:site_name\" content=\"CYBUL\" \/>\n<meta property=\"article:modified_time\" content=\"2024-06-28T16:31:50+00:00\" \/>\n<meta property=\"og:image\" content=\"https:\/\/cybul.eu\/wp-content\/uploads\/2024\/06\/pol_pl_Kask-Sparco-Air-Pro-1977-RF-5W-767_1.jpg\" \/>\n\t<meta property=\"og:image:width\" content=\"900\" \/>\n\t<meta property=\"og:image:height\" content=\"900\" \/>\n\t<meta property=\"og:image:type\" content=\"image\/jpeg\" \/>\n<meta name=\"twitter:card\" content=\"summary_large_image\" \/>\n<meta name=\"twitter:label1\" content=\"Szacowany czas czytania\" \/>\n\t<meta name=\"twitter:data1\" content=\"1 minuta\" \/>\n<script type=\"application\/ld+json\" class=\"yoast-schema-graph\">{\"@context\":\"https:\/\/schema.org\",\"@graph\":[{\"@type\":\"WebPage\",\"@id\":\"https:\/\/cybul.eu\/pl\/sklep\/kask-sparco-air-pro-1977-rf-5w\/\",\"url\":\"https:\/\/cybul.eu\/pl\/sklep\/kask-sparco-air-pro-1977-rf-5w\/\",\"name\":\"KASK SPARCO AIR PRO 1977 RF-5W - CYBUL\",\"isPartOf\":{\"@id\":\"https:\/\/cybul.eu\/pl\/#website\"},\"primaryImageOfPage\":{\"@id\":\"https:\/\/cybul.eu\/pl\/sklep\/kask-sparco-air-pro-1977-rf-5w\/#primaryimage\"},\"image\":{\"@id\":\"https:\/\/cybul.eu\/pl\/sklep\/kask-sparco-air-pro-1977-rf-5w\/#primaryimage\"},\"thumbnailUrl\":\"https:\/\/cybul.eu\/wp-content\/uploads\/2024\/06\/pol_pl_Kask-Sparco-Air-Pro-1977-RF-5W-767_1.jpg\",\"datePublished\":\"2024-06-28T16:31:24+00:00\",\"dateModified\":\"2024-06-28T16:31:50+00:00\",\"breadcrumb\":{\"@id\":\"https:\/\/cybul.eu\/pl\/sklep\/kask-sparco-air-pro-1977-rf-5w\/#breadcrumb\"},\"inLanguage\":\"pl-PL\",\"potentialAction\":[{\"@type\":\"ReadAction\",\"target\":[\"https:\/\/cybul.eu\/pl\/sklep\/kask-sparco-air-pro-1977-rf-5w\/\"]}]},{\"@type\":\"ImageObject\",\"inLanguage\":\"pl-PL\",\"@id\":\"https:\/\/cybul.eu\/pl\/sklep\/kask-sparco-air-pro-1977-rf-5w\/#primaryimage\",\"url\":\"https:\/\/cybul.eu\/wp-content\/uploads\/2024\/06\/pol_pl_Kask-Sparco-Air-Pro-1977-RF-5W-767_1.jpg\",\"contentUrl\":\"https:\/\/cybul.eu\/wp-content\/uploads\/2024\/06\/pol_pl_Kask-Sparco-Air-Pro-1977-RF-5W-767_1.jpg\",\"width\":900,\"height\":900},{\"@type\":\"BreadcrumbList\",\"@id\":\"https:\/\/cybul.eu\/pl\/sklep\/kask-sparco-air-pro-1977-rf-5w\/#breadcrumb\",\"itemListElement\":[{\"@type\":\"ListItem\",\"position\":1,\"name\":\"Strona g\u0142\u00f3wna\",\"item\":\"https:\/\/cybul.eu\/pl\/\"},{\"@type\":\"ListItem\",\"position\":2,\"name\":\"Sklep\",\"item\":\"https:\/\/cybul.eu\/pl\/sklep\/\"},{\"@type\":\"ListItem\",\"position\":3,\"name\":\"KASK SPARCO AIR PRO 1977 RF-5W\"}]},{\"@type\":\"WebSite\",\"@id\":\"https:\/\/cybul.eu\/pl\/#website\",\"url\":\"https:\/\/cybul.eu\/pl\/\",\"name\":\"CYBUL\",\"description\":\"\",\"potentialAction\":[{\"@type\":\"SearchAction\",\"target\":{\"@type\":\"EntryPoint\",\"urlTemplate\":\"https:\/\/cybul.eu\/pl\/?s={search_term_string}\"},\"query-input\":{\"@type\":\"PropertyValueSpecification\",\"valueRequired\":true,\"valueName\":\"search_term_string\"}}],\"inLanguage\":\"pl-PL\"}]}<\/script>\n<!-- \/ Yoast SEO plugin. -->","yoast_head_json":{"title":"KASK SPARCO AIR PRO 1977 RF-5W - CYBUL","robots":{"index":"index","follow":"follow","max-snippet":"max-snippet:-1","max-image-preview":"max-image-preview:large","max-video-preview":"max-video-preview:-1"},"canonical":"https:\/\/cybul.eu\/pl\/sklep\/kask-sparco-air-pro-1977-rf-5w\/","og_locale":"pl_PL","og_type":"article","og_title":"KASK SPARCO AIR PRO 1977 RF-5W - CYBUL","og_description":"Kask Sparco Air Pro 1977 RF-5WHomologacja: FIA 8859-2015 \/ SNELL SA2020Kask Sparco Air Pro z klasycznym malowaniem wzorowanym na pierwszym kasku Sparco z 1977 roku.Dzi\u0119ki mocnej pow\u0142oce z w\u0142\u00f3kna szklanego ten kask zapewnia najwy\u017cszy poziom komfortu i bezpiecze\u0144stwa w przyst\u0119pnej cenie.Wewn\u0105trz kask posiada wy\u015bci\u00f3\u0142k\u0119 i podszewk\u0119 z EPS, kt\u00f3r\u0105 mo\u017cna zdj\u0105\u0107 w celu wyprania&nbsp;co przek\u0142ada si\u0119 na wydatnie na jego trwa\u0142o\u015b\u0107 i mo\u017cliwo\u015bci utrzymania produktu w czysto\u015bci.Kask posiada wiele otwor\u00f3w wentylacyjnych na przednim pasku podbr\u00f3dka&nbsp;oraz sze\u015b\u0107&nbsp;kana\u0142\u00f3w na g\u00f3rze i z ty\u0142u kasku.Dodatkowo wy\u015bci\u00f3\u0142ka zosta\u0142a wyposa\u017cona w specjalne przet\u0142oczenia pozwalaj\u0105ce na korzystanie z interkomu oraz rurek doprowadzaj\u0105cych nap\u00f3j.Wyposa\u017cony w klipsy HANS.","og_url":"https:\/\/cybul.eu\/pl\/sklep\/kask-sparco-air-pro-1977-rf-5w\/","og_site_name":"CYBUL","article_modified_time":"2024-06-28T16:31:50+00:00","og_image":[{"width":900,"height":900,"url":"https:\/\/cybul.eu\/wp-content\/uploads\/2024\/06\/pol_pl_Kask-Sparco-Air-Pro-1977-RF-5W-767_1.jpg","type":"image\/jpeg"}],"twitter_card":"summary_large_image","twitter_misc":{"Szacowany czas czytania":"1 minuta"},"schema":{"@context":"https:\/\/schema.org","@graph":[{"@type":"WebPage","@id":"https:\/\/cybul.eu\/pl\/sklep\/kask-sparco-air-pro-1977-rf-5w\/","url":"https:\/\/cybul.eu\/pl\/sklep\/kask-sparco-air-pro-1977-rf-5w\/","name":"KASK SPARCO AIR PRO 1977 RF-5W - CYBUL","isPartOf":{"@id":"https:\/\/cybul.eu\/pl\/#website"},"primaryImageOfPage":{"@id":"https:\/\/cybul.eu\/pl\/sklep\/kask-sparco-air-pro-1977-rf-5w\/#primaryimage"},"image":{"@id":"https:\/\/cybul.eu\/pl\/sklep\/kask-sparco-air-pro-1977-rf-5w\/#primaryimage"},"thumbnailUrl":"https:\/\/cybul.eu\/wp-content\/uploads\/2024\/06\/pol_pl_Kask-Sparco-Air-Pro-1977-RF-5W-767_1.jpg","datePublished":"2024-06-28T16:31:24+00:00","dateModified":"2024-06-28T16:31:50+00:00","breadcrumb":{"@id":"https:\/\/cybul.eu\/pl\/sklep\/kask-sparco-air-pro-1977-rf-5w\/#breadcrumb"},"inLanguage":"pl-PL","potentialAction":[{"@type":"ReadAction","target":["https:\/\/cybul.eu\/pl\/sklep\/kask-sparco-air-pro-1977-rf-5w\/"]}]},{"@type":"ImageObject","inLanguage":"pl-PL","@id":"https:\/\/cybul.eu\/pl\/sklep\/kask-sparco-air-pro-1977-rf-5w\/#primaryimage","url":"https:\/\/cybul.eu\/wp-content\/uploads\/2024\/06\/pol_pl_Kask-Sparco-Air-Pro-1977-RF-5W-767_1.jpg","contentUrl":"https:\/\/cybul.eu\/wp-content\/uploads\/2024\/06\/pol_pl_Kask-Sparco-Air-Pro-1977-RF-5W-767_1.jpg","width":900,"height":900},{"@type":"BreadcrumbList","@id":"https:\/\/cybul.eu\/pl\/sklep\/kask-sparco-air-pro-1977-rf-5w\/#breadcrumb","itemListElement":[{"@type":"ListItem","position":1,"name":"Strona g\u0142\u00f3wna","item":"https:\/\/cybul.eu\/pl\/"},{"@type":"ListItem","position":2,"name":"Sklep","item":"https:\/\/cybul.eu\/pl\/sklep\/"},{"@type":"ListItem","position":3,"name":"KASK SPARCO AIR PRO 1977 RF-5W"}]},{"@type":"WebSite","@id":"https:\/\/cybul.eu\/pl\/#website","url":"https:\/\/cybul.eu\/pl\/","name":"CYBUL","description":"","potentialAction":[{"@type":"SearchAction","target":{"@type":"EntryPoint","urlTemplate":"https:\/\/cybul.eu\/pl\/?s={search_term_string}"},"query-input":{"@type":"PropertyValueSpecification","valueRequired":true,"valueName":"search_term_string"}}],"inLanguage":"pl-PL"}]}},"_links":{"self":[{"href":"https:\/\/cybul.eu\/pl\/wp-json\/wp\/v2\/product\/22018","targetHints":{"allow":["GET"]}}],"collection":[{"href":"https:\/\/cybul.eu\/pl\/wp-json\/wp\/v2\/product"}],"about":[{"href":"https:\/\/cybul.eu\/pl\/wp-json\/wp\/v2\/types\/product"}],"replies":[{"embeddable":true,"href":"https:\/\/cybul.eu\/pl\/wp-json\/wp\/v2\/comments?post=22018"}],"wp:featuredmedia":[{"embeddable":true,"href":"https:\/\/cybul.eu\/pl\/wp-json\/wp\/v2\/media\/21560"}],"wp:attachment":[{"href":"https:\/\/cybul.eu\/pl\/wp-json\/wp\/v2\/media?parent=22018"}],"wp:term":[{"taxonomy":"product_cat","embeddable":true,"href":"https:\/\/cybul.eu\/pl\/wp-json\/wp\/v2\/product_cat?post=22018"},{"taxonomy":"product_tag","embeddable":true,"href":"https:\/\/cybul.eu\/pl\/wp-json\/wp\/v2\/product_tag?post=22018"}],"curies":[{"name":"wp","href":"https:\/\/api.w.org\/{rel}","templated":true}]}}