{"id":13148,"date":"2024-06-11T17:15:42","date_gmt":"2024-06-11T15:15:42","guid":{"rendered":"https:\/\/cybul.eu\/shop\/kombinezon-sparco-prime-race\/"},"modified":"2024-06-11T17:15:50","modified_gmt":"2024-06-11T15:15:50","slug":"kombinezon-sparco-prime-race","status":"publish","type":"product","link":"https:\/\/cybul.eu\/pl\/sklep\/kombinezon-sparco-prime-race\/","title":{"rendered":"KOMBINEZON SPARCO PRIME RACE"},"content":{"rendered":"<p><strong>Kombinezon Sparco Prime Race<\/strong><\/p>\n<p>Homologacja:&nbsp;<strong>FIA 8856-2018<\/strong><\/p>\n<p>Najnowsza wersja najbardziej zaawansowanego kombinezonu Sparco. Posiada najnowsz\u0105 homologacj\u0119 FIA, dzi\u0119ki czemu zapewnia maksymaln\u0105 ochron\u0119<br \/>Czterowarstwowy, najnowszy model Sparco Prime Race to wyj\u0105tkowy kombinezon pod ka\u017cdym wzgl\u0119dem.<br \/>Jest minimum o 5% l\u017cejsza i o 50% oddychaj\u0105ca ni\u017c najwy\u017csze modele z poprzedniej kolekcji.<br \/>Budowa r\u0119kaw\u00f3w oraz super lekka dzianina, z kt\u00f3rej wykonana zosta\u0142a tylna cz\u0119\u015b\u0107 kombinezonu, sprawia, \u017ce produkt idealnie dopasowuje si\u0119 do cia\u0142a i nie kr\u0119puje ruch\u00f3w.<br \/>Ultralekki kombinezon wykonany jest z najlepszego 3 warstwowego materia\u0142u NOMEX.<br \/>B\u0142yszcz\u0105ca warstwa zewn\u0119trzna, wewn\u0119trzne warstwy wzbogacone o system X-COOL, kt\u00f3ry pomaga regulowa\u0107 temperatur\u0119 cia\u0142a oraz poch\u0142aniaj\u0105 wilgo\u0107 w czasie wzmo\u017conego wysi\u0142ku. Ko\u0142nierz wyko\u0144czony mi\u0119kk\u0105 dzianin\u0105.<br \/>Specjalnie zaprojektowane naramienniki, wykonane z cienkiego materia\u0142u s\u0105 w pe\u0142ni kompatybilne z urz\u0105dzeniem HANS.<br \/>Kombinezon dopasowuje si\u0119 do sylwetki poprzez elastyczne panele, r\u0119kawy pozwalaj\u0105 na pe\u0142n\u0105 mobilno\u015b\u0107.<br \/>Kombinezon zapewnia wyj\u0105tkow\u0105 efektywno\u015b\u0107 i komfort kierowcy.<\/p>\n<p>&#8211; Posiada najnowsz\u0105 homologacj\u0119 FIA<br \/>&#8211;&nbsp;4 warstwy najwy\u017cszej jako\u015bci materia\u0142u Nomex<br \/>&#8211; System X-COOL<br \/>&#8211; Ko\u0142nierz wyko\u0144czony mi\u0119kk\u0105 dzianin\u0105<br \/>&#8211; Elastyczne panele Nomex dopasowuj\u0105ce kombinezon do sylwetki<br \/>&#8211; Efektywno\u015b\u0107 i komfort<br \/>&#8211;&nbsp;Waga: 240-270g\/m\u00b2<\/p>\n<p><img loading=\"lazy\" decoding=\"async\" style=\"display: block; margin-left: auto; margin-right: auto;\" src=\"\/data\/include\/cms\/rozmiary\/Sparco\/2018\/tabela_kombinezony.jpg\" border=\"0\" alt=\"\" width=\"1539\" height=\"515\"><\/p>\n","protected":false},"excerpt":{"rendered":"<p><strong>Kombinezon Sparco Prime Race<\/strong><\/p>\n<p>Homologacja:&nbsp;<strong>FIA 8856-2018<\/strong><\/p>\n<p>Najnowsza wersja najbardziej zaawansowanego kombinezonu Sparco. Posiada najnowsz\u0105 homologacj\u0119 FIA, dzi\u0119ki czemu zapewnia maksymaln\u0105 ochron\u0119<br \/>Czterowarstwowy, najnowszy model Sparco Prime Race to wyj\u0105tkowy kombinezon pod ka\u017cdym wzgl\u0119dem.<br \/>Jest minimum o 5% l\u017cejsza i o 50% oddychaj\u0105ca ni\u017c najwy\u017csze modele z poprzedniej kolekcji.<br \/>Budowa r\u0119kaw\u00f3w oraz super lekka dzianina, z kt\u00f3rej wykonana zosta\u0142a tylna cz\u0119\u015b\u0107 kombinezonu, sprawia, \u017ce produkt idealnie dopasowuje si\u0119 do cia\u0142a i nie kr\u0119puje ruch\u00f3w.<br \/>Ultralekki kombinezon wykonany jest z najlepszego 3 warstwowego materia\u0142u NOMEX.<br \/>B\u0142yszcz\u0105ca warstwa zewn\u0119trzna, wewn\u0119trzne warstwy wzbogacone o system X-COOL, kt\u00f3ry pomaga regulowa\u0107 temperatur\u0119 cia\u0142a oraz poch\u0142aniaj\u0105 wilgo\u0107 w czasie wzmo\u017conego wysi\u0142ku. Ko\u0142nierz wyko\u0144czony mi\u0119kk\u0105 dzianin\u0105.<br \/>Specjalnie zaprojektowane naramienniki, wykonane z cienkiego materia\u0142u s\u0105 w pe\u0142ni kompatybilne z urz\u0105dzeniem HANS.<br \/>Kombinezon dopasowuje si\u0119 do sylwetki poprzez elastyczne panele, r\u0119kawy pozwalaj\u0105 na pe\u0142n\u0105 mobilno\u015b\u0107.<br \/>Kombinezon zapewnia wyj\u0105tkow\u0105 efektywno\u015b\u0107 i komfort kierowcy.<\/p>\n<p>&#8211; Posiada najnowsz\u0105 homologacj\u0119 FIA<br \/>&#8211;&nbsp;4 warstwy najwy\u017cszej jako\u015bci materia\u0142u Nomex<br \/>&#8211; System X-COOL<br \/>&#8211; Ko\u0142nierz wyko\u0144czony mi\u0119kk\u0105 dzianin\u0105<br \/>&#8211; Elastyczne panele Nomex dopasowuj\u0105ce kombinezon do sylwetki<br \/>&#8211; Efektywno\u015b\u0107 i komfort<br \/>&#8211;&nbsp;Waga: 240-270g\/m\u00b2<\/p>\n<p><img loading=\"lazy\" decoding=\"async\" style=\"display: block; margin-left: auto; margin-right: auto;\" src=\"\/data\/include\/cms\/rozmiary\/Sparco\/2018\/tabela_kombinezony.jpg\" border=\"0\" alt=\"\" width=\"1539\" height=\"515\"><\/p>\n","protected":false},"featured_media":13058,"comment_status":"closed","ping_status":"open","template":"","meta":[],"product_cat":[564,560],"product_tag":[],"class_list":{"0":"post-13148","1":"product","2":"type-product","3":"status-publish","4":"has-post-thumbnail","6":"product_cat-kombinezony-rajdowe","7":"product_cat-odziez-rajdowa-fia","9":"first","10":"instock","11":"taxable","12":"shipping-taxable","13":"purchasable","14":"product-type-simple"},"bundled_by":[],"bundle_stock_status":"instock","bundle_stock_quantity":null,"bundle_virtual":false,"bundle_layout":"","bundle_add_to_cart_form_location":"","bundle_editable_in_cart":false,"bundle_sold_individually_context":"","bundle_item_grouping":"","bundle_min_size":"","bundle_max_size":"","bundle_price":[],"bundled_items":[],"bundle_sell_ids":[],"acf":{"zdjecie_bez_watermarka":null,"zdjecie_bez_watermarka_url":"","product_orgin_url":"https:\/\/inter-rally.pl\/product-eng-954-Kombinezon-Sparco-Prime-Race.html"},"yoast_head":"<!-- This site is optimized with the Yoast SEO plugin v23.9 - https:\/\/yoast.com\/wordpress\/plugins\/seo\/ -->\n<title>KOMBINEZON SPARCO PRIME RACE - CYBUL<\/title>\n<meta name=\"robots\" content=\"index, follow, max-snippet:-1, max-image-preview:large, max-video-preview:-1\" \/>\n<link rel=\"canonical\" href=\"https:\/\/cybul.eu\/pl\/sklep\/kombinezon-sparco-prime-race\/\" \/>\n<meta property=\"og:locale\" content=\"pl_PL\" \/>\n<meta property=\"og:type\" content=\"article\" \/>\n<meta property=\"og:title\" content=\"KOMBINEZON SPARCO PRIME RACE - CYBUL\" \/>\n<meta property=\"og:description\" content=\"Kombinezon Sparco Prime RaceHomologacja:&nbsp;FIA 8856-2018Najnowsza wersja najbardziej zaawansowanego kombinezonu Sparco. Posiada najnowsz\u0105 homologacj\u0119 FIA, dzi\u0119ki czemu zapewnia maksymaln\u0105 ochron\u0119Czterowarstwowy, najnowszy model Sparco Prime Race to wyj\u0105tkowy kombinezon pod ka\u017cdym wzgl\u0119dem.Jest minimum o 5% l\u017cejsza i o 50% oddychaj\u0105ca ni\u017c najwy\u017csze modele z poprzedniej kolekcji.Budowa r\u0119kaw\u00f3w oraz super lekka dzianina, z kt\u00f3rej wykonana zosta\u0142a tylna cz\u0119\u015b\u0107 kombinezonu, sprawia, \u017ce produkt idealnie dopasowuje si\u0119 do cia\u0142a i nie kr\u0119puje ruch\u00f3w.Ultralekki kombinezon wykonany jest z najlepszego 3 warstwowego materia\u0142u NOMEX.B\u0142yszcz\u0105ca warstwa zewn\u0119trzna, wewn\u0119trzne warstwy wzbogacone o system X-COOL, kt\u00f3ry pomaga regulowa\u0107 temperatur\u0119 cia\u0142a oraz poch\u0142aniaj\u0105 wilgo\u0107 w czasie wzmo\u017conego wysi\u0142ku. Ko\u0142nierz wyko\u0144czony mi\u0119kk\u0105 dzianin\u0105.Specjalnie zaprojektowane naramienniki, wykonane z cienkiego materia\u0142u s\u0105 w pe\u0142ni kompatybilne z urz\u0105dzeniem HANS.Kombinezon dopasowuje si\u0119 do sylwetki poprzez elastyczne panele, r\u0119kawy pozwalaj\u0105 na pe\u0142n\u0105 mobilno\u015b\u0107.Kombinezon zapewnia wyj\u0105tkow\u0105 efektywno\u015b\u0107 i komfort kierowcy.- Posiada najnowsz\u0105 homologacj\u0119 FIA-&nbsp;4 warstwy najwy\u017cszej jako\u015bci materia\u0142u Nomex- System X-COOL- Ko\u0142nierz wyko\u0144czony mi\u0119kk\u0105 dzianin\u0105- Elastyczne panele Nomex dopasowuj\u0105ce kombinezon do sylwetki- Efektywno\u015b\u0107 i komfort-&nbsp;Waga: 240-270g\/m\u00b2\" \/>\n<meta property=\"og:url\" content=\"https:\/\/cybul.eu\/pl\/sklep\/kombinezon-sparco-prime-race\/\" \/>\n<meta property=\"og:site_name\" content=\"CYBUL\" \/>\n<meta property=\"article:modified_time\" content=\"2024-06-11T15:15:50+00:00\" \/>\n<meta property=\"og:image\" content=\"https:\/\/cybul.eu\/wp-content\/uploads\/2024\/06\/pol_pl_Kombinezon-Sparco-Prime-Race-954_6.jpg\" \/>\n\t<meta property=\"og:image:width\" content=\"900\" \/>\n\t<meta property=\"og:image:height\" content=\"900\" \/>\n\t<meta property=\"og:image:type\" content=\"image\/jpeg\" \/>\n<meta name=\"twitter:card\" content=\"summary_large_image\" \/>\n<meta name=\"twitter:label1\" content=\"Szacowany czas czytania\" \/>\n\t<meta name=\"twitter:data1\" content=\"1 minuta\" \/>\n<script type=\"application\/ld+json\" class=\"yoast-schema-graph\">{\"@context\":\"https:\/\/schema.org\",\"@graph\":[{\"@type\":\"WebPage\",\"@id\":\"https:\/\/cybul.eu\/pl\/sklep\/kombinezon-sparco-prime-race\/\",\"url\":\"https:\/\/cybul.eu\/pl\/sklep\/kombinezon-sparco-prime-race\/\",\"name\":\"KOMBINEZON SPARCO PRIME RACE - CYBUL\",\"isPartOf\":{\"@id\":\"https:\/\/cybul.eu\/pl\/#website\"},\"primaryImageOfPage\":{\"@id\":\"https:\/\/cybul.eu\/pl\/sklep\/kombinezon-sparco-prime-race\/#primaryimage\"},\"image\":{\"@id\":\"https:\/\/cybul.eu\/pl\/sklep\/kombinezon-sparco-prime-race\/#primaryimage\"},\"thumbnailUrl\":\"https:\/\/cybul.eu\/wp-content\/uploads\/2024\/06\/pol_pl_Kombinezon-Sparco-Prime-Race-954_6.jpg\",\"datePublished\":\"2024-06-11T15:15:42+00:00\",\"dateModified\":\"2024-06-11T15:15:50+00:00\",\"breadcrumb\":{\"@id\":\"https:\/\/cybul.eu\/pl\/sklep\/kombinezon-sparco-prime-race\/#breadcrumb\"},\"inLanguage\":\"pl-PL\",\"potentialAction\":[{\"@type\":\"ReadAction\",\"target\":[\"https:\/\/cybul.eu\/pl\/sklep\/kombinezon-sparco-prime-race\/\"]}]},{\"@type\":\"ImageObject\",\"inLanguage\":\"pl-PL\",\"@id\":\"https:\/\/cybul.eu\/pl\/sklep\/kombinezon-sparco-prime-race\/#primaryimage\",\"url\":\"https:\/\/cybul.eu\/wp-content\/uploads\/2024\/06\/pol_pl_Kombinezon-Sparco-Prime-Race-954_6.jpg\",\"contentUrl\":\"https:\/\/cybul.eu\/wp-content\/uploads\/2024\/06\/pol_pl_Kombinezon-Sparco-Prime-Race-954_6.jpg\",\"width\":900,\"height\":900},{\"@type\":\"BreadcrumbList\",\"@id\":\"https:\/\/cybul.eu\/pl\/sklep\/kombinezon-sparco-prime-race\/#breadcrumb\",\"itemListElement\":[{\"@type\":\"ListItem\",\"position\":1,\"name\":\"Strona g\u0142\u00f3wna\",\"item\":\"https:\/\/cybul.eu\/pl\/\"},{\"@type\":\"ListItem\",\"position\":2,\"name\":\"Sklep\",\"item\":\"https:\/\/cybul.eu\/pl\/sklep\/\"},{\"@type\":\"ListItem\",\"position\":3,\"name\":\"KOMBINEZON SPARCO PRIME RACE\"}]},{\"@type\":\"WebSite\",\"@id\":\"https:\/\/cybul.eu\/pl\/#website\",\"url\":\"https:\/\/cybul.eu\/pl\/\",\"name\":\"CYBUL\",\"description\":\"\",\"potentialAction\":[{\"@type\":\"SearchAction\",\"target\":{\"@type\":\"EntryPoint\",\"urlTemplate\":\"https:\/\/cybul.eu\/pl\/?s={search_term_string}\"},\"query-input\":{\"@type\":\"PropertyValueSpecification\",\"valueRequired\":true,\"valueName\":\"search_term_string\"}}],\"inLanguage\":\"pl-PL\"}]}<\/script>\n<!-- \/ Yoast SEO plugin. -->","yoast_head_json":{"title":"KOMBINEZON SPARCO PRIME RACE - CYBUL","robots":{"index":"index","follow":"follow","max-snippet":"max-snippet:-1","max-image-preview":"max-image-preview:large","max-video-preview":"max-video-preview:-1"},"canonical":"https:\/\/cybul.eu\/pl\/sklep\/kombinezon-sparco-prime-race\/","og_locale":"pl_PL","og_type":"article","og_title":"KOMBINEZON SPARCO PRIME RACE - CYBUL","og_description":"Kombinezon Sparco Prime RaceHomologacja:&nbsp;FIA 8856-2018Najnowsza wersja najbardziej zaawansowanego kombinezonu Sparco. Posiada najnowsz\u0105 homologacj\u0119 FIA, dzi\u0119ki czemu zapewnia maksymaln\u0105 ochron\u0119Czterowarstwowy, najnowszy model Sparco Prime Race to wyj\u0105tkowy kombinezon pod ka\u017cdym wzgl\u0119dem.Jest minimum o 5% l\u017cejsza i o 50% oddychaj\u0105ca ni\u017c najwy\u017csze modele z poprzedniej kolekcji.Budowa r\u0119kaw\u00f3w oraz super lekka dzianina, z kt\u00f3rej wykonana zosta\u0142a tylna cz\u0119\u015b\u0107 kombinezonu, sprawia, \u017ce produkt idealnie dopasowuje si\u0119 do cia\u0142a i nie kr\u0119puje ruch\u00f3w.Ultralekki kombinezon wykonany jest z najlepszego 3 warstwowego materia\u0142u NOMEX.B\u0142yszcz\u0105ca warstwa zewn\u0119trzna, wewn\u0119trzne warstwy wzbogacone o system X-COOL, kt\u00f3ry pomaga regulowa\u0107 temperatur\u0119 cia\u0142a oraz poch\u0142aniaj\u0105 wilgo\u0107 w czasie wzmo\u017conego wysi\u0142ku. Ko\u0142nierz wyko\u0144czony mi\u0119kk\u0105 dzianin\u0105.Specjalnie zaprojektowane naramienniki, wykonane z cienkiego materia\u0142u s\u0105 w pe\u0142ni kompatybilne z urz\u0105dzeniem HANS.Kombinezon dopasowuje si\u0119 do sylwetki poprzez elastyczne panele, r\u0119kawy pozwalaj\u0105 na pe\u0142n\u0105 mobilno\u015b\u0107.Kombinezon zapewnia wyj\u0105tkow\u0105 efektywno\u015b\u0107 i komfort kierowcy.- Posiada najnowsz\u0105 homologacj\u0119 FIA-&nbsp;4 warstwy najwy\u017cszej jako\u015bci materia\u0142u Nomex- System X-COOL- Ko\u0142nierz wyko\u0144czony mi\u0119kk\u0105 dzianin\u0105- Elastyczne panele Nomex dopasowuj\u0105ce kombinezon do sylwetki- Efektywno\u015b\u0107 i komfort-&nbsp;Waga: 240-270g\/m\u00b2","og_url":"https:\/\/cybul.eu\/pl\/sklep\/kombinezon-sparco-prime-race\/","og_site_name":"CYBUL","article_modified_time":"2024-06-11T15:15:50+00:00","og_image":[{"width":900,"height":900,"url":"https:\/\/cybul.eu\/wp-content\/uploads\/2024\/06\/pol_pl_Kombinezon-Sparco-Prime-Race-954_6.jpg","type":"image\/jpeg"}],"twitter_card":"summary_large_image","twitter_misc":{"Szacowany czas czytania":"1 minuta"},"schema":{"@context":"https:\/\/schema.org","@graph":[{"@type":"WebPage","@id":"https:\/\/cybul.eu\/pl\/sklep\/kombinezon-sparco-prime-race\/","url":"https:\/\/cybul.eu\/pl\/sklep\/kombinezon-sparco-prime-race\/","name":"KOMBINEZON SPARCO PRIME RACE - CYBUL","isPartOf":{"@id":"https:\/\/cybul.eu\/pl\/#website"},"primaryImageOfPage":{"@id":"https:\/\/cybul.eu\/pl\/sklep\/kombinezon-sparco-prime-race\/#primaryimage"},"image":{"@id":"https:\/\/cybul.eu\/pl\/sklep\/kombinezon-sparco-prime-race\/#primaryimage"},"thumbnailUrl":"https:\/\/cybul.eu\/wp-content\/uploads\/2024\/06\/pol_pl_Kombinezon-Sparco-Prime-Race-954_6.jpg","datePublished":"2024-06-11T15:15:42+00:00","dateModified":"2024-06-11T15:15:50+00:00","breadcrumb":{"@id":"https:\/\/cybul.eu\/pl\/sklep\/kombinezon-sparco-prime-race\/#breadcrumb"},"inLanguage":"pl-PL","potentialAction":[{"@type":"ReadAction","target":["https:\/\/cybul.eu\/pl\/sklep\/kombinezon-sparco-prime-race\/"]}]},{"@type":"ImageObject","inLanguage":"pl-PL","@id":"https:\/\/cybul.eu\/pl\/sklep\/kombinezon-sparco-prime-race\/#primaryimage","url":"https:\/\/cybul.eu\/wp-content\/uploads\/2024\/06\/pol_pl_Kombinezon-Sparco-Prime-Race-954_6.jpg","contentUrl":"https:\/\/cybul.eu\/wp-content\/uploads\/2024\/06\/pol_pl_Kombinezon-Sparco-Prime-Race-954_6.jpg","width":900,"height":900},{"@type":"BreadcrumbList","@id":"https:\/\/cybul.eu\/pl\/sklep\/kombinezon-sparco-prime-race\/#breadcrumb","itemListElement":[{"@type":"ListItem","position":1,"name":"Strona g\u0142\u00f3wna","item":"https:\/\/cybul.eu\/pl\/"},{"@type":"ListItem","position":2,"name":"Sklep","item":"https:\/\/cybul.eu\/pl\/sklep\/"},{"@type":"ListItem","position":3,"name":"KOMBINEZON SPARCO PRIME RACE"}]},{"@type":"WebSite","@id":"https:\/\/cybul.eu\/pl\/#website","url":"https:\/\/cybul.eu\/pl\/","name":"CYBUL","description":"","potentialAction":[{"@type":"SearchAction","target":{"@type":"EntryPoint","urlTemplate":"https:\/\/cybul.eu\/pl\/?s={search_term_string}"},"query-input":{"@type":"PropertyValueSpecification","valueRequired":true,"valueName":"search_term_string"}}],"inLanguage":"pl-PL"}]}},"_links":{"self":[{"href":"https:\/\/cybul.eu\/pl\/wp-json\/wp\/v2\/product\/13148","targetHints":{"allow":["GET"]}}],"collection":[{"href":"https:\/\/cybul.eu\/pl\/wp-json\/wp\/v2\/product"}],"about":[{"href":"https:\/\/cybul.eu\/pl\/wp-json\/wp\/v2\/types\/product"}],"replies":[{"embeddable":true,"href":"https:\/\/cybul.eu\/pl\/wp-json\/wp\/v2\/comments?post=13148"}],"wp:featuredmedia":[{"embeddable":true,"href":"https:\/\/cybul.eu\/pl\/wp-json\/wp\/v2\/media\/13058"}],"wp:attachment":[{"href":"https:\/\/cybul.eu\/pl\/wp-json\/wp\/v2\/media?parent=13148"}],"wp:term":[{"taxonomy":"product_cat","embeddable":true,"href":"https:\/\/cybul.eu\/pl\/wp-json\/wp\/v2\/product_cat?post=13148"},{"taxonomy":"product_tag","embeddable":true,"href":"https:\/\/cybul.eu\/pl\/wp-json\/wp\/v2\/product_tag?post=13148"}],"curies":[{"name":"wp","href":"https:\/\/api.w.org\/{rel}","templated":true}]}}