{"id":13136,"date":"2024-06-11T17:14:32","date_gmt":"2024-06-11T15:14:32","guid":{"rendered":"https:\/\/cybul.eu\/shop\/kombinezon-dla-kobiet-alpinestars-stella-gp-pro-comp-v2\/"},"modified":"2024-06-11T17:15:12","modified_gmt":"2024-06-11T15:15:12","slug":"kombinezon-dla-kobiet-alpinestars-stella-gp-pro-comp-v2","status":"publish","type":"product","link":"https:\/\/cybul.eu\/pl\/sklep\/kombinezon-dla-kobiet-alpinestars-stella-gp-pro-comp-v2\/","title":{"rendered":"KOMBINEZON DLA KOBIET ALPINESTARS STELLA GP PRO COMP V2"},"content":{"rendered":"<p><strong>Kombinezon rajdowy Alpinestars Stella GP Pro Comp V2 dla kobiet<br \/><\/strong><br \/>Homologacja:<strong> FIA 8856-2018<\/strong><\/p>\n<p>Kombinezon rajdowy\/wy\u015bcigowy zaprojektowany specjalnie z my\u015bl\u0105 o kobietach.<br \/>Unikalny kr\u00f3j Alpinestars zapewnia maksimum komfortu i wygody kobietom &#8211; kierowcom.<br \/>Warstwa zewn\u0119trzna wykonana ze 100 procentowego Nomex\u2019u. <br \/>Cz\u0119\u015b\u0107 \u015brodkowa wykonana z trzech warstw materia\u0142u Carbon-X. <br \/>Wewn\u0119trzna warstwa wykonana z filcu Nomex, nadaje kombinezonowi wyj\u0105tkowy komfort i dopasowanie. <br \/>Na ramionach wykorzystano panele z materia\u0142u Carbon-X daj\u0105ce wi\u0119kszy komfort i wygod\u0119 przy stosowaniu systemu HANS oraz pas\u00f3w bezpiecze\u0144stwa. <br \/>Boczne panele wykonane z elastycznego materia\u0142u Preox zapewniaj\u0105 komfort i wygod\u0119 paniom o ro\u017cnych kszta\u0142tach i budowie cia\u0142a.&nbsp;\u0141\u0105czenie r\u0119kaw\u00f3w z kombinezonem wykonane zosta\u0142o z elastycznego materia\u0142u, zapewniaj\u0105cego komfort i nieskr\u0119powanie ruch\u00f3w. <br \/>Dopasowany anatomicznie panel l\u0119d\u017awiowy zapewnia maksymaln\u0105 wygod\u0119 i dopasowanie si\u0119 do cia\u0142a. <br \/>Specjalnie skrojone i uszyte r\u0119kawy i nogawki kombinezonu, dostosowane zosta\u0142y do anatomicznej pozycji kierowcy w fotelu&nbsp;Wewn\u0119trzne, p\u0142askie szwy zapewniaj\u0105 maksimum komfortu i wygody redukuj\u0105c punkty nacisku.<\/p>\n<p>&#8211; 3 warstwy<br \/>&#8211; Gramatura: 345g\/m\u00b2<br \/>&#8211; zaprojektowany specjalnie dla kobiet za kierownic\u0105<br \/>&#8211; Ergonomiczny kszta\u0142t ramion i n\u00f3g<br \/>&#8211; P\u0142aska konstrukcja szw\u00f3w wewn\u0119trznych<\/p>\n","protected":false},"excerpt":{"rendered":"<p><strong>Kombinezon rajdowy Alpinestars Stella GP Pro Comp V2 dla kobiet<br \/><\/strong><br \/>Homologacja:<strong> FIA 8856-2018<\/strong><\/p>\n<p>Kombinezon rajdowy\/wy\u015bcigowy zaprojektowany specjalnie z my\u015bl\u0105 o kobietach.<br \/>Unikalny kr\u00f3j Alpinestars zapewnia maksimum komfortu i wygody kobietom &#8211; kierowcom.<br \/>Warstwa zewn\u0119trzna wykonana ze 100 procentowego Nomex\u2019u. <br \/>Cz\u0119\u015b\u0107 \u015brodkowa wykonana z trzech warstw materia\u0142u Carbon-X. <br \/>Wewn\u0119trzna warstwa wykonana z filcu Nomex, nadaje kombinezonowi wyj\u0105tkowy komfort i dopasowanie. <br \/>Na ramionach wykorzystano panele z materia\u0142u Carbon-X daj\u0105ce wi\u0119kszy komfort i wygod\u0119 przy stosowaniu systemu HANS oraz pas\u00f3w bezpiecze\u0144stwa. <br \/>Boczne panele wykonane z elastycznego materia\u0142u Preox zapewniaj\u0105 komfort i wygod\u0119 paniom o ro\u017cnych kszta\u0142tach i budowie cia\u0142a.&nbsp;\u0141\u0105czenie r\u0119kaw\u00f3w z kombinezonem wykonane zosta\u0142o z elastycznego materia\u0142u, zapewniaj\u0105cego komfort i nieskr\u0119powanie ruch\u00f3w. <br \/>Dopasowany anatomicznie panel l\u0119d\u017awiowy zapewnia maksymaln\u0105 wygod\u0119 i dopasowanie si\u0119 do cia\u0142a. <br \/>Specjalnie skrojone i uszyte r\u0119kawy i nogawki kombinezonu, dostosowane zosta\u0142y do anatomicznej pozycji kierowcy w fotelu&nbsp;Wewn\u0119trzne, p\u0142askie szwy zapewniaj\u0105 maksimum komfortu i wygody redukuj\u0105c punkty nacisku.<\/p>\n<p>&#8211; 3 warstwy<br \/>&#8211; Gramatura: 345g\/m\u00b2<br \/>&#8211; zaprojektowany specjalnie dla kobiet za kierownic\u0105<br \/>&#8211; Ergonomiczny kszta\u0142t ramion i n\u00f3g<br \/>&#8211; P\u0142aska konstrukcja szw\u00f3w wewn\u0119trznych<\/p>\n","protected":false},"featured_media":12938,"comment_status":"closed","ping_status":"open","template":"","meta":[],"product_cat":[564,560],"product_tag":[],"class_list":{"0":"post-13136","1":"product","2":"type-product","3":"status-publish","4":"has-post-thumbnail","6":"product_cat-kombinezony-rajdowe","7":"product_cat-odziez-rajdowa-fia","9":"first","10":"instock","11":"taxable","12":"shipping-taxable","13":"purchasable","14":"product-type-simple"},"bundled_by":[],"bundle_stock_status":"instock","bundle_stock_quantity":null,"bundle_virtual":false,"bundle_layout":"","bundle_add_to_cart_form_location":"","bundle_editable_in_cart":false,"bundle_sold_individually_context":"","bundle_item_grouping":"","bundle_min_size":"","bundle_max_size":"","bundle_price":[],"bundled_items":[],"bundle_sell_ids":[],"acf":{"zdjecie_bez_watermarka":null,"zdjecie_bez_watermarka_url":"","product_orgin_url":"https:\/\/inter-rally.pl\/product-eng-1664-Kombinezon-dla-kobiet-Alpinestars-Stella-GP-Pro-Comp-V2.html"},"yoast_head":"<!-- This site is optimized with the Yoast SEO plugin v23.9 - https:\/\/yoast.com\/wordpress\/plugins\/seo\/ -->\n<title>KOMBINEZON DLA KOBIET ALPINESTARS STELLA GP PRO COMP V2 - CYBUL<\/title>\n<meta name=\"robots\" content=\"index, follow, max-snippet:-1, max-image-preview:large, max-video-preview:-1\" \/>\n<link rel=\"canonical\" href=\"https:\/\/cybul.eu\/pl\/sklep\/kombinezon-dla-kobiet-alpinestars-stella-gp-pro-comp-v2\/\" \/>\n<meta property=\"og:locale\" content=\"pl_PL\" \/>\n<meta property=\"og:type\" content=\"article\" \/>\n<meta property=\"og:title\" content=\"KOMBINEZON DLA KOBIET ALPINESTARS STELLA GP PRO COMP V2 - CYBUL\" \/>\n<meta property=\"og:description\" content=\"Kombinezon rajdowy Alpinestars Stella GP Pro Comp V2 dla kobietHomologacja: FIA 8856-2018Kombinezon rajdowy\/wy\u015bcigowy zaprojektowany specjalnie z my\u015bl\u0105 o kobietach.Unikalny kr\u00f3j Alpinestars zapewnia maksimum komfortu i wygody kobietom - kierowcom.Warstwa zewn\u0119trzna wykonana ze 100 procentowego Nomex\u2019u. Cz\u0119\u015b\u0107 \u015brodkowa wykonana z trzech warstw materia\u0142u Carbon-X. Wewn\u0119trzna warstwa wykonana z filcu Nomex, nadaje kombinezonowi wyj\u0105tkowy komfort i dopasowanie. Na ramionach wykorzystano panele z materia\u0142u Carbon-X daj\u0105ce wi\u0119kszy komfort i wygod\u0119 przy stosowaniu systemu HANS oraz pas\u00f3w bezpiecze\u0144stwa. Boczne panele wykonane z elastycznego materia\u0142u Preox zapewniaj\u0105 komfort i wygod\u0119 paniom o ro\u017cnych kszta\u0142tach i budowie cia\u0142a.&nbsp;\u0141\u0105czenie r\u0119kaw\u00f3w z kombinezonem wykonane zosta\u0142o z elastycznego materia\u0142u, zapewniaj\u0105cego komfort i nieskr\u0119powanie ruch\u00f3w. Dopasowany anatomicznie panel l\u0119d\u017awiowy zapewnia maksymaln\u0105 wygod\u0119 i dopasowanie si\u0119 do cia\u0142a. Specjalnie skrojone i uszyte r\u0119kawy i nogawki kombinezonu, dostosowane zosta\u0142y do anatomicznej pozycji kierowcy w fotelu&nbsp;Wewn\u0119trzne, p\u0142askie szwy zapewniaj\u0105 maksimum komfortu i wygody redukuj\u0105c punkty nacisku.- 3 warstwy- Gramatura: 345g\/m\u00b2- zaprojektowany specjalnie dla kobiet za kierownic\u0105- Ergonomiczny kszta\u0142t ramion i n\u00f3g- P\u0142aska konstrukcja szw\u00f3w wewn\u0119trznych\" \/>\n<meta property=\"og:url\" content=\"https:\/\/cybul.eu\/pl\/sklep\/kombinezon-dla-kobiet-alpinestars-stella-gp-pro-comp-v2\/\" \/>\n<meta property=\"og:site_name\" content=\"CYBUL\" \/>\n<meta property=\"article:modified_time\" content=\"2024-06-11T15:15:12+00:00\" \/>\n<meta property=\"og:image\" content=\"https:\/\/cybul.eu\/wp-content\/uploads\/2024\/06\/pol_pl_Kombinezon-dla-kobiet-Alpinestars-Stella-GP-Pro-Comp-V2-1664_1.jpg\" \/>\n\t<meta property=\"og:image:width\" content=\"900\" \/>\n\t<meta property=\"og:image:height\" content=\"900\" \/>\n\t<meta property=\"og:image:type\" content=\"image\/jpeg\" \/>\n<meta name=\"twitter:card\" content=\"summary_large_image\" \/>\n<meta name=\"twitter:label1\" content=\"Szacowany czas czytania\" \/>\n\t<meta name=\"twitter:data1\" content=\"1 minuta\" \/>\n<script type=\"application\/ld+json\" class=\"yoast-schema-graph\">{\"@context\":\"https:\/\/schema.org\",\"@graph\":[{\"@type\":\"WebPage\",\"@id\":\"https:\/\/cybul.eu\/pl\/sklep\/kombinezon-dla-kobiet-alpinestars-stella-gp-pro-comp-v2\/\",\"url\":\"https:\/\/cybul.eu\/pl\/sklep\/kombinezon-dla-kobiet-alpinestars-stella-gp-pro-comp-v2\/\",\"name\":\"KOMBINEZON DLA KOBIET ALPINESTARS STELLA GP PRO COMP V2 - CYBUL\",\"isPartOf\":{\"@id\":\"https:\/\/cybul.eu\/pl\/#website\"},\"primaryImageOfPage\":{\"@id\":\"https:\/\/cybul.eu\/pl\/sklep\/kombinezon-dla-kobiet-alpinestars-stella-gp-pro-comp-v2\/#primaryimage\"},\"image\":{\"@id\":\"https:\/\/cybul.eu\/pl\/sklep\/kombinezon-dla-kobiet-alpinestars-stella-gp-pro-comp-v2\/#primaryimage\"},\"thumbnailUrl\":\"https:\/\/cybul.eu\/wp-content\/uploads\/2024\/06\/pol_pl_Kombinezon-dla-kobiet-Alpinestars-Stella-GP-Pro-Comp-V2-1664_1.jpg\",\"datePublished\":\"2024-06-11T15:14:32+00:00\",\"dateModified\":\"2024-06-11T15:15:12+00:00\",\"breadcrumb\":{\"@id\":\"https:\/\/cybul.eu\/pl\/sklep\/kombinezon-dla-kobiet-alpinestars-stella-gp-pro-comp-v2\/#breadcrumb\"},\"inLanguage\":\"pl-PL\",\"potentialAction\":[{\"@type\":\"ReadAction\",\"target\":[\"https:\/\/cybul.eu\/pl\/sklep\/kombinezon-dla-kobiet-alpinestars-stella-gp-pro-comp-v2\/\"]}]},{\"@type\":\"ImageObject\",\"inLanguage\":\"pl-PL\",\"@id\":\"https:\/\/cybul.eu\/pl\/sklep\/kombinezon-dla-kobiet-alpinestars-stella-gp-pro-comp-v2\/#primaryimage\",\"url\":\"https:\/\/cybul.eu\/wp-content\/uploads\/2024\/06\/pol_pl_Kombinezon-dla-kobiet-Alpinestars-Stella-GP-Pro-Comp-V2-1664_1.jpg\",\"contentUrl\":\"https:\/\/cybul.eu\/wp-content\/uploads\/2024\/06\/pol_pl_Kombinezon-dla-kobiet-Alpinestars-Stella-GP-Pro-Comp-V2-1664_1.jpg\",\"width\":900,\"height\":900},{\"@type\":\"BreadcrumbList\",\"@id\":\"https:\/\/cybul.eu\/pl\/sklep\/kombinezon-dla-kobiet-alpinestars-stella-gp-pro-comp-v2\/#breadcrumb\",\"itemListElement\":[{\"@type\":\"ListItem\",\"position\":1,\"name\":\"Strona g\u0142\u00f3wna\",\"item\":\"https:\/\/cybul.eu\/pl\/\"},{\"@type\":\"ListItem\",\"position\":2,\"name\":\"Sklep\",\"item\":\"https:\/\/cybul.eu\/pl\/sklep\/\"},{\"@type\":\"ListItem\",\"position\":3,\"name\":\"KOMBINEZON DLA KOBIET ALPINESTARS STELLA GP PRO COMP V2\"}]},{\"@type\":\"WebSite\",\"@id\":\"https:\/\/cybul.eu\/pl\/#website\",\"url\":\"https:\/\/cybul.eu\/pl\/\",\"name\":\"CYBUL\",\"description\":\"\",\"potentialAction\":[{\"@type\":\"SearchAction\",\"target\":{\"@type\":\"EntryPoint\",\"urlTemplate\":\"https:\/\/cybul.eu\/pl\/?s={search_term_string}\"},\"query-input\":{\"@type\":\"PropertyValueSpecification\",\"valueRequired\":true,\"valueName\":\"search_term_string\"}}],\"inLanguage\":\"pl-PL\"}]}<\/script>\n<!-- \/ Yoast SEO plugin. -->","yoast_head_json":{"title":"KOMBINEZON DLA KOBIET ALPINESTARS STELLA GP PRO COMP V2 - CYBUL","robots":{"index":"index","follow":"follow","max-snippet":"max-snippet:-1","max-image-preview":"max-image-preview:large","max-video-preview":"max-video-preview:-1"},"canonical":"https:\/\/cybul.eu\/pl\/sklep\/kombinezon-dla-kobiet-alpinestars-stella-gp-pro-comp-v2\/","og_locale":"pl_PL","og_type":"article","og_title":"KOMBINEZON DLA KOBIET ALPINESTARS STELLA GP PRO COMP V2 - CYBUL","og_description":"Kombinezon rajdowy Alpinestars Stella GP Pro Comp V2 dla kobietHomologacja: FIA 8856-2018Kombinezon rajdowy\/wy\u015bcigowy zaprojektowany specjalnie z my\u015bl\u0105 o kobietach.Unikalny kr\u00f3j Alpinestars zapewnia maksimum komfortu i wygody kobietom - kierowcom.Warstwa zewn\u0119trzna wykonana ze 100 procentowego Nomex\u2019u. Cz\u0119\u015b\u0107 \u015brodkowa wykonana z trzech warstw materia\u0142u Carbon-X. Wewn\u0119trzna warstwa wykonana z filcu Nomex, nadaje kombinezonowi wyj\u0105tkowy komfort i dopasowanie. Na ramionach wykorzystano panele z materia\u0142u Carbon-X daj\u0105ce wi\u0119kszy komfort i wygod\u0119 przy stosowaniu systemu HANS oraz pas\u00f3w bezpiecze\u0144stwa. Boczne panele wykonane z elastycznego materia\u0142u Preox zapewniaj\u0105 komfort i wygod\u0119 paniom o ro\u017cnych kszta\u0142tach i budowie cia\u0142a.&nbsp;\u0141\u0105czenie r\u0119kaw\u00f3w z kombinezonem wykonane zosta\u0142o z elastycznego materia\u0142u, zapewniaj\u0105cego komfort i nieskr\u0119powanie ruch\u00f3w. Dopasowany anatomicznie panel l\u0119d\u017awiowy zapewnia maksymaln\u0105 wygod\u0119 i dopasowanie si\u0119 do cia\u0142a. Specjalnie skrojone i uszyte r\u0119kawy i nogawki kombinezonu, dostosowane zosta\u0142y do anatomicznej pozycji kierowcy w fotelu&nbsp;Wewn\u0119trzne, p\u0142askie szwy zapewniaj\u0105 maksimum komfortu i wygody redukuj\u0105c punkty nacisku.- 3 warstwy- Gramatura: 345g\/m\u00b2- zaprojektowany specjalnie dla kobiet za kierownic\u0105- Ergonomiczny kszta\u0142t ramion i n\u00f3g- P\u0142aska konstrukcja szw\u00f3w wewn\u0119trznych","og_url":"https:\/\/cybul.eu\/pl\/sklep\/kombinezon-dla-kobiet-alpinestars-stella-gp-pro-comp-v2\/","og_site_name":"CYBUL","article_modified_time":"2024-06-11T15:15:12+00:00","og_image":[{"width":900,"height":900,"url":"https:\/\/cybul.eu\/wp-content\/uploads\/2024\/06\/pol_pl_Kombinezon-dla-kobiet-Alpinestars-Stella-GP-Pro-Comp-V2-1664_1.jpg","type":"image\/jpeg"}],"twitter_card":"summary_large_image","twitter_misc":{"Szacowany czas czytania":"1 minuta"},"schema":{"@context":"https:\/\/schema.org","@graph":[{"@type":"WebPage","@id":"https:\/\/cybul.eu\/pl\/sklep\/kombinezon-dla-kobiet-alpinestars-stella-gp-pro-comp-v2\/","url":"https:\/\/cybul.eu\/pl\/sklep\/kombinezon-dla-kobiet-alpinestars-stella-gp-pro-comp-v2\/","name":"KOMBINEZON DLA KOBIET ALPINESTARS STELLA GP PRO COMP V2 - CYBUL","isPartOf":{"@id":"https:\/\/cybul.eu\/pl\/#website"},"primaryImageOfPage":{"@id":"https:\/\/cybul.eu\/pl\/sklep\/kombinezon-dla-kobiet-alpinestars-stella-gp-pro-comp-v2\/#primaryimage"},"image":{"@id":"https:\/\/cybul.eu\/pl\/sklep\/kombinezon-dla-kobiet-alpinestars-stella-gp-pro-comp-v2\/#primaryimage"},"thumbnailUrl":"https:\/\/cybul.eu\/wp-content\/uploads\/2024\/06\/pol_pl_Kombinezon-dla-kobiet-Alpinestars-Stella-GP-Pro-Comp-V2-1664_1.jpg","datePublished":"2024-06-11T15:14:32+00:00","dateModified":"2024-06-11T15:15:12+00:00","breadcrumb":{"@id":"https:\/\/cybul.eu\/pl\/sklep\/kombinezon-dla-kobiet-alpinestars-stella-gp-pro-comp-v2\/#breadcrumb"},"inLanguage":"pl-PL","potentialAction":[{"@type":"ReadAction","target":["https:\/\/cybul.eu\/pl\/sklep\/kombinezon-dla-kobiet-alpinestars-stella-gp-pro-comp-v2\/"]}]},{"@type":"ImageObject","inLanguage":"pl-PL","@id":"https:\/\/cybul.eu\/pl\/sklep\/kombinezon-dla-kobiet-alpinestars-stella-gp-pro-comp-v2\/#primaryimage","url":"https:\/\/cybul.eu\/wp-content\/uploads\/2024\/06\/pol_pl_Kombinezon-dla-kobiet-Alpinestars-Stella-GP-Pro-Comp-V2-1664_1.jpg","contentUrl":"https:\/\/cybul.eu\/wp-content\/uploads\/2024\/06\/pol_pl_Kombinezon-dla-kobiet-Alpinestars-Stella-GP-Pro-Comp-V2-1664_1.jpg","width":900,"height":900},{"@type":"BreadcrumbList","@id":"https:\/\/cybul.eu\/pl\/sklep\/kombinezon-dla-kobiet-alpinestars-stella-gp-pro-comp-v2\/#breadcrumb","itemListElement":[{"@type":"ListItem","position":1,"name":"Strona g\u0142\u00f3wna","item":"https:\/\/cybul.eu\/pl\/"},{"@type":"ListItem","position":2,"name":"Sklep","item":"https:\/\/cybul.eu\/pl\/sklep\/"},{"@type":"ListItem","position":3,"name":"KOMBINEZON DLA KOBIET ALPINESTARS STELLA GP PRO COMP V2"}]},{"@type":"WebSite","@id":"https:\/\/cybul.eu\/pl\/#website","url":"https:\/\/cybul.eu\/pl\/","name":"CYBUL","description":"","potentialAction":[{"@type":"SearchAction","target":{"@type":"EntryPoint","urlTemplate":"https:\/\/cybul.eu\/pl\/?s={search_term_string}"},"query-input":{"@type":"PropertyValueSpecification","valueRequired":true,"valueName":"search_term_string"}}],"inLanguage":"pl-PL"}]}},"_links":{"self":[{"href":"https:\/\/cybul.eu\/pl\/wp-json\/wp\/v2\/product\/13136","targetHints":{"allow":["GET"]}}],"collection":[{"href":"https:\/\/cybul.eu\/pl\/wp-json\/wp\/v2\/product"}],"about":[{"href":"https:\/\/cybul.eu\/pl\/wp-json\/wp\/v2\/types\/product"}],"replies":[{"embeddable":true,"href":"https:\/\/cybul.eu\/pl\/wp-json\/wp\/v2\/comments?post=13136"}],"wp:featuredmedia":[{"embeddable":true,"href":"https:\/\/cybul.eu\/pl\/wp-json\/wp\/v2\/media\/12938"}],"wp:attachment":[{"href":"https:\/\/cybul.eu\/pl\/wp-json\/wp\/v2\/media?parent=13136"}],"wp:term":[{"taxonomy":"product_cat","embeddable":true,"href":"https:\/\/cybul.eu\/pl\/wp-json\/wp\/v2\/product_cat?post=13136"},{"taxonomy":"product_tag","embeddable":true,"href":"https:\/\/cybul.eu\/pl\/wp-json\/wp\/v2\/product_tag?post=13136"}],"curies":[{"name":"wp","href":"https:\/\/api.w.org\/{rel}","templated":true}]}}