{"id":13123,"date":"2024-06-11T17:14:32","date_gmt":"2024-06-11T15:14:32","guid":{"rendered":"https:\/\/cybul.eu\/shop\/kombinezon-sparco-futura\/"},"modified":"2024-06-11T17:14:35","modified_gmt":"2024-06-11T15:14:35","slug":"kombinezon-sparco-futura","status":"publish","type":"product","link":"https:\/\/cybul.eu\/pl\/sklep\/kombinezon-sparco-futura\/","title":{"rendered":"KOMBINEZON SPARCO FUTURA"},"content":{"rendered":"<p><strong>Kombinezon Sparco&nbsp;Futura<\/strong><\/p>\n<p>Homologacja:&nbsp;<strong>FIA 8856-2018<\/strong><\/p>\n<p>Kombinezon wy\u015bcigowy Futura firmy Sparco wykorzystuje najnowsz\u0105 technologi\u0119 &#8222;Full Efficiency&#8221;. Ta nowa technologia wykorzystuje materia\u0142y pochodz\u0105ce z recyklingu innych produkt\u00f3w bezpiecze\u0144stwa Sparco, zapewniaj\u0105c minimaln\u0105 ilo\u015b\u0107 odpad\u00f3w w procesie produkcyjnym bez wp\u0142ywu na poziom bezpiecze\u0144stwa produkt\u00f3w.<br \/>Ten najnowszy 2-warstwowy kombinezon ma czysty, pikowany kr\u00f3j, kt\u00f3ry zapewnia wysokiej jako\u015bci wyko\u0144czenie i szereg technicznych atrybut\u00f3w, w tym p\u0142ywaj\u0105ce r\u0119kawy z wst\u0119pnie uformowanymi ramionami, kt\u00f3re zwi\u0119kszaj\u0105 elastyczno\u015b\u0107, mi\u0119kkie, rozci\u0105gliwe, oddychaj\u0105ce panele umieszczone z boku i dolnej cz\u0119\u015bci plec\u00f3w, kt\u00f3re zwi\u0119kszaj\u0105 poziom komfortu podczas siedzenia. Kombinezon ma r\u00f3wnie\u017c nadrukowane logo, regulowany pasek na rzep, ko\u0142nierz z mi\u0119kkiej dzianiny, okolice kolan i \u0142okci oraz ukryte boczne kieszenie biodrowe.<\/p>\n<p>&#8211; 2 warstwy<br \/>&#8211; R\u0119kawy nie ograniczaj\u0105ce ruchu<br \/>&#8211; Bardzo dobra jako\u015b\u0107 materia\u0142u Nomex<\/p>\n<p><img loading=\"lazy\" decoding=\"async\" class=\"slb\" src=\"\/data\/include\/cms\/rozmiary\/Sparco\/2018\/tabela_kombinezony.jpg\" border=\"0\" width=\"1539\" height=\"515\"><\/p>\n","protected":false},"excerpt":{"rendered":"<p><strong>Kombinezon Sparco&nbsp;Futura<\/strong><\/p>\n<p>Homologacja:&nbsp;<strong>FIA 8856-2018<\/strong><\/p>\n<p>Kombinezon wy\u015bcigowy Futura firmy Sparco wykorzystuje najnowsz\u0105 technologi\u0119 &#8222;Full Efficiency&#8221;. Ta nowa technologia wykorzystuje materia\u0142y pochodz\u0105ce z recyklingu innych produkt\u00f3w bezpiecze\u0144stwa Sparco, zapewniaj\u0105c minimaln\u0105 ilo\u015b\u0107 odpad\u00f3w w procesie produkcyjnym bez wp\u0142ywu na poziom bezpiecze\u0144stwa produkt\u00f3w.<br \/>Ten najnowszy 2-warstwowy kombinezon ma czysty, pikowany kr\u00f3j, kt\u00f3ry zapewnia wysokiej jako\u015bci wyko\u0144czenie i szereg technicznych atrybut\u00f3w, w tym p\u0142ywaj\u0105ce r\u0119kawy z wst\u0119pnie uformowanymi ramionami, kt\u00f3re zwi\u0119kszaj\u0105 elastyczno\u015b\u0107, mi\u0119kkie, rozci\u0105gliwe, oddychaj\u0105ce panele umieszczone z boku i dolnej cz\u0119\u015bci plec\u00f3w, kt\u00f3re zwi\u0119kszaj\u0105 poziom komfortu podczas siedzenia. Kombinezon ma r\u00f3wnie\u017c nadrukowane logo, regulowany pasek na rzep, ko\u0142nierz z mi\u0119kkiej dzianiny, okolice kolan i \u0142okci oraz ukryte boczne kieszenie biodrowe.<\/p>\n<p>&#8211; 2 warstwy<br \/>&#8211; R\u0119kawy nie ograniczaj\u0105ce ruchu<br \/>&#8211; Bardzo dobra jako\u015b\u0107 materia\u0142u Nomex<\/p>\n<p><img loading=\"lazy\" decoding=\"async\" class=\"slb\" src=\"\/data\/include\/cms\/rozmiary\/Sparco\/2018\/tabela_kombinezony.jpg\" border=\"0\" width=\"1539\" height=\"515\"><\/p>\n","protected":false},"featured_media":12781,"comment_status":"closed","ping_status":"open","template":"","meta":[],"product_cat":[564,560],"product_tag":[],"class_list":{"0":"post-13123","1":"product","2":"type-product","3":"status-publish","4":"has-post-thumbnail","6":"product_cat-kombinezony-rajdowe","7":"product_cat-odziez-rajdowa-fia","9":"first","10":"instock","11":"taxable","12":"shipping-taxable","13":"purchasable","14":"product-type-simple"},"bundled_by":[],"bundle_stock_status":"instock","bundle_stock_quantity":null,"bundle_virtual":false,"bundle_layout":"","bundle_add_to_cart_form_location":"","bundle_editable_in_cart":false,"bundle_sold_individually_context":"","bundle_item_grouping":"","bundle_min_size":"","bundle_max_size":"","bundle_price":[],"bundled_items":[],"bundle_sell_ids":[],"acf":{"zdjecie_bez_watermarka":null,"zdjecie_bez_watermarka_url":"","product_orgin_url":"https:\/\/inter-rally.pl\/product-eng-163382-Kombinezon-Sparco-Futura.html"},"yoast_head":"<!-- This site is optimized with the Yoast SEO plugin v23.9 - https:\/\/yoast.com\/wordpress\/plugins\/seo\/ -->\n<title>KOMBINEZON SPARCO FUTURA - CYBUL<\/title>\n<meta name=\"robots\" content=\"index, follow, max-snippet:-1, max-image-preview:large, max-video-preview:-1\" \/>\n<link rel=\"canonical\" href=\"https:\/\/cybul.eu\/pl\/sklep\/kombinezon-sparco-futura\/\" \/>\n<meta property=\"og:locale\" content=\"pl_PL\" \/>\n<meta property=\"og:type\" content=\"article\" \/>\n<meta property=\"og:title\" content=\"KOMBINEZON SPARCO FUTURA - CYBUL\" \/>\n<meta property=\"og:description\" content=\"Kombinezon Sparco&nbsp;FuturaHomologacja:&nbsp;FIA 8856-2018Kombinezon wy\u015bcigowy Futura firmy Sparco wykorzystuje najnowsz\u0105 technologi\u0119 &quot;Full Efficiency&quot;. Ta nowa technologia wykorzystuje materia\u0142y pochodz\u0105ce z recyklingu innych produkt\u00f3w bezpiecze\u0144stwa Sparco, zapewniaj\u0105c minimaln\u0105 ilo\u015b\u0107 odpad\u00f3w w procesie produkcyjnym bez wp\u0142ywu na poziom bezpiecze\u0144stwa produkt\u00f3w.Ten najnowszy 2-warstwowy kombinezon ma czysty, pikowany kr\u00f3j, kt\u00f3ry zapewnia wysokiej jako\u015bci wyko\u0144czenie i szereg technicznych atrybut\u00f3w, w tym p\u0142ywaj\u0105ce r\u0119kawy z wst\u0119pnie uformowanymi ramionami, kt\u00f3re zwi\u0119kszaj\u0105 elastyczno\u015b\u0107, mi\u0119kkie, rozci\u0105gliwe, oddychaj\u0105ce panele umieszczone z boku i dolnej cz\u0119\u015bci plec\u00f3w, kt\u00f3re zwi\u0119kszaj\u0105 poziom komfortu podczas siedzenia. Kombinezon ma r\u00f3wnie\u017c nadrukowane logo, regulowany pasek na rzep, ko\u0142nierz z mi\u0119kkiej dzianiny, okolice kolan i \u0142okci oraz ukryte boczne kieszenie biodrowe.- 2 warstwy- R\u0119kawy nie ograniczaj\u0105ce ruchu- Bardzo dobra jako\u015b\u0107 materia\u0142u Nomex\" \/>\n<meta property=\"og:url\" content=\"https:\/\/cybul.eu\/pl\/sklep\/kombinezon-sparco-futura\/\" \/>\n<meta property=\"og:site_name\" content=\"CYBUL\" \/>\n<meta property=\"article:modified_time\" content=\"2024-06-11T15:14:35+00:00\" \/>\n<meta property=\"og:image\" content=\"https:\/\/cybul.eu\/wp-content\/uploads\/2024\/06\/pol_pl_Kombinezon-Sparco-Futura-163382_1.jpg\" \/>\n\t<meta property=\"og:image:width\" content=\"900\" \/>\n\t<meta property=\"og:image:height\" content=\"900\" \/>\n\t<meta property=\"og:image:type\" content=\"image\/jpeg\" \/>\n<meta name=\"twitter:card\" content=\"summary_large_image\" \/>\n<meta name=\"twitter:label1\" content=\"Szacowany czas czytania\" \/>\n\t<meta name=\"twitter:data1\" content=\"1 minuta\" \/>\n<script type=\"application\/ld+json\" class=\"yoast-schema-graph\">{\"@context\":\"https:\/\/schema.org\",\"@graph\":[{\"@type\":\"WebPage\",\"@id\":\"https:\/\/cybul.eu\/pl\/sklep\/kombinezon-sparco-futura\/\",\"url\":\"https:\/\/cybul.eu\/pl\/sklep\/kombinezon-sparco-futura\/\",\"name\":\"KOMBINEZON SPARCO FUTURA - CYBUL\",\"isPartOf\":{\"@id\":\"https:\/\/cybul.eu\/pl\/#website\"},\"primaryImageOfPage\":{\"@id\":\"https:\/\/cybul.eu\/pl\/sklep\/kombinezon-sparco-futura\/#primaryimage\"},\"image\":{\"@id\":\"https:\/\/cybul.eu\/pl\/sklep\/kombinezon-sparco-futura\/#primaryimage\"},\"thumbnailUrl\":\"https:\/\/cybul.eu\/wp-content\/uploads\/2024\/06\/pol_pl_Kombinezon-Sparco-Futura-163382_1.jpg\",\"datePublished\":\"2024-06-11T15:14:32+00:00\",\"dateModified\":\"2024-06-11T15:14:35+00:00\",\"breadcrumb\":{\"@id\":\"https:\/\/cybul.eu\/pl\/sklep\/kombinezon-sparco-futura\/#breadcrumb\"},\"inLanguage\":\"pl-PL\",\"potentialAction\":[{\"@type\":\"ReadAction\",\"target\":[\"https:\/\/cybul.eu\/pl\/sklep\/kombinezon-sparco-futura\/\"]}]},{\"@type\":\"ImageObject\",\"inLanguage\":\"pl-PL\",\"@id\":\"https:\/\/cybul.eu\/pl\/sklep\/kombinezon-sparco-futura\/#primaryimage\",\"url\":\"https:\/\/cybul.eu\/wp-content\/uploads\/2024\/06\/pol_pl_Kombinezon-Sparco-Futura-163382_1.jpg\",\"contentUrl\":\"https:\/\/cybul.eu\/wp-content\/uploads\/2024\/06\/pol_pl_Kombinezon-Sparco-Futura-163382_1.jpg\",\"width\":900,\"height\":900},{\"@type\":\"BreadcrumbList\",\"@id\":\"https:\/\/cybul.eu\/pl\/sklep\/kombinezon-sparco-futura\/#breadcrumb\",\"itemListElement\":[{\"@type\":\"ListItem\",\"position\":1,\"name\":\"Strona g\u0142\u00f3wna\",\"item\":\"https:\/\/cybul.eu\/pl\/\"},{\"@type\":\"ListItem\",\"position\":2,\"name\":\"Sklep\",\"item\":\"https:\/\/cybul.eu\/pl\/sklep\/\"},{\"@type\":\"ListItem\",\"position\":3,\"name\":\"KOMBINEZON SPARCO FUTURA\"}]},{\"@type\":\"WebSite\",\"@id\":\"https:\/\/cybul.eu\/pl\/#website\",\"url\":\"https:\/\/cybul.eu\/pl\/\",\"name\":\"CYBUL\",\"description\":\"\",\"potentialAction\":[{\"@type\":\"SearchAction\",\"target\":{\"@type\":\"EntryPoint\",\"urlTemplate\":\"https:\/\/cybul.eu\/pl\/?s={search_term_string}\"},\"query-input\":{\"@type\":\"PropertyValueSpecification\",\"valueRequired\":true,\"valueName\":\"search_term_string\"}}],\"inLanguage\":\"pl-PL\"}]}<\/script>\n<!-- \/ Yoast SEO plugin. -->","yoast_head_json":{"title":"KOMBINEZON SPARCO FUTURA - CYBUL","robots":{"index":"index","follow":"follow","max-snippet":"max-snippet:-1","max-image-preview":"max-image-preview:large","max-video-preview":"max-video-preview:-1"},"canonical":"https:\/\/cybul.eu\/pl\/sklep\/kombinezon-sparco-futura\/","og_locale":"pl_PL","og_type":"article","og_title":"KOMBINEZON SPARCO FUTURA - CYBUL","og_description":"Kombinezon Sparco&nbsp;FuturaHomologacja:&nbsp;FIA 8856-2018Kombinezon wy\u015bcigowy Futura firmy Sparco wykorzystuje najnowsz\u0105 technologi\u0119 \"Full Efficiency\". Ta nowa technologia wykorzystuje materia\u0142y pochodz\u0105ce z recyklingu innych produkt\u00f3w bezpiecze\u0144stwa Sparco, zapewniaj\u0105c minimaln\u0105 ilo\u015b\u0107 odpad\u00f3w w procesie produkcyjnym bez wp\u0142ywu na poziom bezpiecze\u0144stwa produkt\u00f3w.Ten najnowszy 2-warstwowy kombinezon ma czysty, pikowany kr\u00f3j, kt\u00f3ry zapewnia wysokiej jako\u015bci wyko\u0144czenie i szereg technicznych atrybut\u00f3w, w tym p\u0142ywaj\u0105ce r\u0119kawy z wst\u0119pnie uformowanymi ramionami, kt\u00f3re zwi\u0119kszaj\u0105 elastyczno\u015b\u0107, mi\u0119kkie, rozci\u0105gliwe, oddychaj\u0105ce panele umieszczone z boku i dolnej cz\u0119\u015bci plec\u00f3w, kt\u00f3re zwi\u0119kszaj\u0105 poziom komfortu podczas siedzenia. Kombinezon ma r\u00f3wnie\u017c nadrukowane logo, regulowany pasek na rzep, ko\u0142nierz z mi\u0119kkiej dzianiny, okolice kolan i \u0142okci oraz ukryte boczne kieszenie biodrowe.- 2 warstwy- R\u0119kawy nie ograniczaj\u0105ce ruchu- Bardzo dobra jako\u015b\u0107 materia\u0142u Nomex","og_url":"https:\/\/cybul.eu\/pl\/sklep\/kombinezon-sparco-futura\/","og_site_name":"CYBUL","article_modified_time":"2024-06-11T15:14:35+00:00","og_image":[{"width":900,"height":900,"url":"https:\/\/cybul.eu\/wp-content\/uploads\/2024\/06\/pol_pl_Kombinezon-Sparco-Futura-163382_1.jpg","type":"image\/jpeg"}],"twitter_card":"summary_large_image","twitter_misc":{"Szacowany czas czytania":"1 minuta"},"schema":{"@context":"https:\/\/schema.org","@graph":[{"@type":"WebPage","@id":"https:\/\/cybul.eu\/pl\/sklep\/kombinezon-sparco-futura\/","url":"https:\/\/cybul.eu\/pl\/sklep\/kombinezon-sparco-futura\/","name":"KOMBINEZON SPARCO FUTURA - CYBUL","isPartOf":{"@id":"https:\/\/cybul.eu\/pl\/#website"},"primaryImageOfPage":{"@id":"https:\/\/cybul.eu\/pl\/sklep\/kombinezon-sparco-futura\/#primaryimage"},"image":{"@id":"https:\/\/cybul.eu\/pl\/sklep\/kombinezon-sparco-futura\/#primaryimage"},"thumbnailUrl":"https:\/\/cybul.eu\/wp-content\/uploads\/2024\/06\/pol_pl_Kombinezon-Sparco-Futura-163382_1.jpg","datePublished":"2024-06-11T15:14:32+00:00","dateModified":"2024-06-11T15:14:35+00:00","breadcrumb":{"@id":"https:\/\/cybul.eu\/pl\/sklep\/kombinezon-sparco-futura\/#breadcrumb"},"inLanguage":"pl-PL","potentialAction":[{"@type":"ReadAction","target":["https:\/\/cybul.eu\/pl\/sklep\/kombinezon-sparco-futura\/"]}]},{"@type":"ImageObject","inLanguage":"pl-PL","@id":"https:\/\/cybul.eu\/pl\/sklep\/kombinezon-sparco-futura\/#primaryimage","url":"https:\/\/cybul.eu\/wp-content\/uploads\/2024\/06\/pol_pl_Kombinezon-Sparco-Futura-163382_1.jpg","contentUrl":"https:\/\/cybul.eu\/wp-content\/uploads\/2024\/06\/pol_pl_Kombinezon-Sparco-Futura-163382_1.jpg","width":900,"height":900},{"@type":"BreadcrumbList","@id":"https:\/\/cybul.eu\/pl\/sklep\/kombinezon-sparco-futura\/#breadcrumb","itemListElement":[{"@type":"ListItem","position":1,"name":"Strona g\u0142\u00f3wna","item":"https:\/\/cybul.eu\/pl\/"},{"@type":"ListItem","position":2,"name":"Sklep","item":"https:\/\/cybul.eu\/pl\/sklep\/"},{"@type":"ListItem","position":3,"name":"KOMBINEZON SPARCO FUTURA"}]},{"@type":"WebSite","@id":"https:\/\/cybul.eu\/pl\/#website","url":"https:\/\/cybul.eu\/pl\/","name":"CYBUL","description":"","potentialAction":[{"@type":"SearchAction","target":{"@type":"EntryPoint","urlTemplate":"https:\/\/cybul.eu\/pl\/?s={search_term_string}"},"query-input":{"@type":"PropertyValueSpecification","valueRequired":true,"valueName":"search_term_string"}}],"inLanguage":"pl-PL"}]}},"_links":{"self":[{"href":"https:\/\/cybul.eu\/pl\/wp-json\/wp\/v2\/product\/13123","targetHints":{"allow":["GET"]}}],"collection":[{"href":"https:\/\/cybul.eu\/pl\/wp-json\/wp\/v2\/product"}],"about":[{"href":"https:\/\/cybul.eu\/pl\/wp-json\/wp\/v2\/types\/product"}],"replies":[{"embeddable":true,"href":"https:\/\/cybul.eu\/pl\/wp-json\/wp\/v2\/comments?post=13123"}],"wp:featuredmedia":[{"embeddable":true,"href":"https:\/\/cybul.eu\/pl\/wp-json\/wp\/v2\/media\/12781"}],"wp:attachment":[{"href":"https:\/\/cybul.eu\/pl\/wp-json\/wp\/v2\/media?parent=13123"}],"wp:term":[{"taxonomy":"product_cat","embeddable":true,"href":"https:\/\/cybul.eu\/pl\/wp-json\/wp\/v2\/product_cat?post=13123"},{"taxonomy":"product_tag","embeddable":true,"href":"https:\/\/cybul.eu\/pl\/wp-json\/wp\/v2\/product_tag?post=13123"}],"curies":[{"name":"wp","href":"https:\/\/api.w.org\/{rel}","templated":true}]}}